{"id":383,"date":"2016-10-26T21:26:58","date_gmt":"2016-10-26T20:26:58","guid":{"rendered":"http:\/\/victor-sasportas.com\/?post_type=tribe_events&#038;p=383"},"modified":"2016-10-26T21:38:14","modified_gmt":"2016-10-26T20:38:14","slug":"salon-des-beaux-arts-2016","status":"publish","type":"tribe_events","link":"https:\/\/victor-sasportas.com\/index.php\/event\/salon-des-beaux-arts-2016\/","title":{"rendered":"Salon des Beaux-Arts 2016"},"content":{"rendered":"<p>Sous le haut patronage de<br \/>\n<strong>Monsieur Fran\u00e7ois Hollande<\/strong><br \/>\nPr\u00e9sident de la R\u00e9publique<\/p>\n<p><strong>Michel King<\/strong> Pr\u00e9sident de la <strong>Soci\u00e9t\u00e9 Nationale des Beaux-Arts<\/strong><\/p>\n<p>Le Bureau et le Conseil d&#8217;Administration vous prient d&#8217;honorer de votre pr\u00e9sence le<\/p>\n<p><strong>Salon des Beaux-Arts<\/strong><br \/>\nSc\u00e9nographie de Bruno Moinard<br \/>\n<strong>du 8 au 11 D\u00e9cembre 2016<\/strong><\/p>\n<p><strong>vernissage Jeudi 8 D\u00e9cembre \u00e0 18h<\/strong><br \/>\nremise des prix Samedi 10 D\u00e9cembre \u00e0 18h<br \/>\nconcert Samedi 10 D\u00e9cembre \u00e0 20h &#8211; participation libre aux frais<br \/>\nCompositeur invit\u00e9 David Alan-Nihil &#8211; Oeuvres pour Choeur A Capella : Les Ang\u00e9lismes<\/p>\n<p>Invit\u00e9s<br \/>\n<strong>Suitou Nakatsuka<\/strong><br \/>\n<strong> Bruno Moinard<\/strong><\/p>\n<p>Jeudi 8 D\u00e9cembre de 10h \u00e0 22h<br \/>\nVendredi 9 D\u00e9cembre de 12h \u00e0 19h<br \/>\nSamedi 10 D\u00e9cembre de 10h \u00e0 22h<br \/>\nDimanche 11 D\u00e9cembre de 10h \u00e0 18h<\/p>\n<p>ENTREE LIBRE<\/p>\n<p><img loading=\"lazy\" decoding=\"async\" class=\"size-medium wp-image-385 alignnone\" src=\"http:\/\/victor-sasportas.com\/wp-content\/uploads\/2016\/10\/Invitation-Salon-des-Beaux-Arts-2016-HB_01-300x300.png\" alt=\"invitation-salon-des-beaux-arts-2016-hb_01\" width=\"300\" height=\"300\" srcset=\"https:\/\/victor-sasportas.com\/wp-content\/uploads\/2016\/10\/Invitation-Salon-des-Beaux-Arts-2016-HB_01-300x300.png 300w, https:\/\/victor-sasportas.com\/wp-content\/uploads\/2016\/10\/Invitation-Salon-des-Beaux-Arts-2016-HB_01-150x150.png 150w, https:\/\/victor-sasportas.com\/wp-content\/uploads\/2016\/10\/Invitation-Salon-des-Beaux-Arts-2016-HB_01-768x768.png 768w, https:\/\/victor-sasportas.com\/wp-content\/uploads\/2016\/10\/Invitation-Salon-des-Beaux-Arts-2016-HB_01-1024x1024.png 1024w\" sizes=\"auto, (max-width: 300px) 100vw, 300px\" \/>\u00a0<img loading=\"lazy\" decoding=\"async\" class=\"size-medium wp-image-386 alignnone\" src=\"http:\/\/victor-sasportas.com\/wp-content\/uploads\/2016\/10\/Invitation-Salon-des-Beaux-Arts-2016-HB_02-300x300.png\" alt=\"invitation-salon-des-beaux-arts-2016-hb_02\" width=\"300\" height=\"300\" srcset=\"https:\/\/victor-sasportas.com\/wp-content\/uploads\/2016\/10\/Invitation-Salon-des-Beaux-Arts-2016-HB_02-300x300.png 300w, https:\/\/victor-sasportas.com\/wp-content\/uploads\/2016\/10\/Invitation-Salon-des-Beaux-Arts-2016-HB_02-150x150.png 150w, https:\/\/victor-sasportas.com\/wp-content\/uploads\/2016\/10\/Invitation-Salon-des-Beaux-Arts-2016-HB_02-768x768.png 768w, https:\/\/victor-sasportas.com\/wp-content\/uploads\/2016\/10\/Invitation-Salon-des-Beaux-Arts-2016-HB_02-1024x1024.png 1024w\" sizes=\"auto, (max-width: 300px) 100vw, 300px\" \/><\/p>\n<p>&nbsp;<\/p>\n","protected":false},"excerpt":{"rendered":"<p>Sous le haut patronage de Monsieur Fran\u00e7ois Hollande Pr\u00e9sident de la R\u00e9publique Michel King Pr\u00e9sident de la Soci\u00e9t\u00e9 Nationale des Beaux-Arts Le Bureau et le Conseil d&#8217;Administration vous prient d&#8217;honorer de votre pr\u00e9sence le Salon des Beaux-Arts Sc\u00e9nographie de Bruno Moinard du 8 au 11 D\u00e9cembre 2016 vernissage Jeudi 8 D\u00e9cembre \u00e0 18h remise des&hellip;<\/p>\n","protected":false},"author":1,"featured_media":0,"template":"","meta":{"_exactmetrics_skip_tracking":false,"_exactmetrics_sitenote_active":false,"_exactmetrics_sitenote_note":"","_exactmetrics_sitenote_category":0,"_tribe_events_status":"","_tribe_events_status_reason":"","footnotes":""},"tags":[],"tribe_events_cat":[],"class_list":["post-383","tribe_events","type-tribe_events","status-publish","hentry"],"yoast_head":"<!-- This site is optimized with the Yoast SEO plugin v27.4 - https:\/\/yoast.com\/product\/yoast-seo-wordpress\/ -->\n<title>Salon des Beaux-Arts 2016 - VICTOR SASPORTAS<\/title>\n<meta name=\"robots\" content=\"index, follow, max-snippet:-1, max-image-preview:large, max-video-preview:-1\" \/>\n<link rel=\"canonical\" href=\"https:\/\/victor-sasportas.com\/index.php\/event\/salon-des-beaux-arts-2016\/\" \/>\n<meta property=\"og:locale\" content=\"en_US\" \/>\n<meta property=\"og:type\" content=\"article\" \/>\n<meta property=\"og:title\" content=\"Salon des Beaux-Arts 2016 - VICTOR SASPORTAS\" \/>\n<meta property=\"og:description\" content=\"Sous le haut patronage de Monsieur Fran\u00e7ois Hollande Pr\u00e9sident de la R\u00e9publique Michel King Pr\u00e9sident de la Soci\u00e9t\u00e9 Nationale des Beaux-Arts Le Bureau et le Conseil d&#8217;Administration vous prient d&#8217;honorer de votre pr\u00e9sence le Salon des Beaux-Arts Sc\u00e9nographie de Bruno Moinard du 8 au 11 D\u00e9cembre 2016 vernissage Jeudi 8 D\u00e9cembre \u00e0 18h remise des&hellip;\" \/>\n<meta property=\"og:url\" content=\"https:\/\/victor-sasportas.com\/index.php\/event\/salon-des-beaux-arts-2016\/\" \/>\n<meta property=\"og:site_name\" content=\"VICTOR SASPORTAS\" \/>\n<meta property=\"article:modified_time\" content=\"2016-10-26T20:38:14+00:00\" \/>\n<meta property=\"og:image\" content=\"http:\/\/victor-sasportas.com\/wp-content\/uploads\/2016\/10\/Invitation-Salon-des-Beaux-Arts-2016-HB_01-300x300.png\" \/>\n<meta name=\"twitter:card\" content=\"summary_large_image\" \/>\n<meta name=\"twitter:label1\" content=\"Est. reading time\" \/>\n\t<meta name=\"twitter:data1\" content=\"1 minute\" \/>\n<script type=\"application\/ld+json\" class=\"yoast-schema-graph\">{\"@context\":\"https:\\\/\\\/schema.org\",\"@graph\":[{\"@type\":\"WebPage\",\"@id\":\"https:\\\/\\\/victor-sasportas.com\\\/index.php\\\/event\\\/salon-des-beaux-arts-2016\\\/\",\"url\":\"https:\\\/\\\/victor-sasportas.com\\\/index.php\\\/event\\\/salon-des-beaux-arts-2016\\\/\",\"name\":\"Salon des Beaux-Arts 2016 - VICTOR SASPORTAS\",\"isPartOf\":{\"@id\":\"https:\\\/\\\/victor-sasportas.com\\\/#website\"},\"primaryImageOfPage\":{\"@id\":\"https:\\\/\\\/victor-sasportas.com\\\/index.php\\\/event\\\/salon-des-beaux-arts-2016\\\/#primaryimage\"},\"image\":{\"@id\":\"https:\\\/\\\/victor-sasportas.com\\\/index.php\\\/event\\\/salon-des-beaux-arts-2016\\\/#primaryimage\"},\"thumbnailUrl\":\"http:\\\/\\\/victor-sasportas.com\\\/wp-content\\\/uploads\\\/2016\\\/10\\\/Invitation-Salon-des-Beaux-Arts-2016-HB_01-300x300.png\",\"datePublished\":\"2016-10-26T20:26:58+00:00\",\"dateModified\":\"2016-10-26T20:38:14+00:00\",\"breadcrumb\":{\"@id\":\"https:\\\/\\\/victor-sasportas.com\\\/index.php\\\/event\\\/salon-des-beaux-arts-2016\\\/#breadcrumb\"},\"inLanguage\":\"en-US\",\"potentialAction\":[{\"@type\":\"ReadAction\",\"target\":[\"https:\\\/\\\/victor-sasportas.com\\\/index.php\\\/event\\\/salon-des-beaux-arts-2016\\\/\"]}]},{\"@type\":\"ImageObject\",\"inLanguage\":\"en-US\",\"@id\":\"https:\\\/\\\/victor-sasportas.com\\\/index.php\\\/event\\\/salon-des-beaux-arts-2016\\\/#primaryimage\",\"url\":\"https:\\\/\\\/victor-sasportas.com\\\/wp-content\\\/uploads\\\/2016\\\/10\\\/Invitation-Salon-des-Beaux-Arts-2016-HB_01.png\",\"contentUrl\":\"https:\\\/\\\/victor-sasportas.com\\\/wp-content\\\/uploads\\\/2016\\\/10\\\/Invitation-Salon-des-Beaux-Arts-2016-HB_01.png\",\"width\":2362,\"height\":2362},{\"@type\":\"BreadcrumbList\",\"@id\":\"https:\\\/\\\/victor-sasportas.com\\\/index.php\\\/event\\\/salon-des-beaux-arts-2016\\\/#breadcrumb\",\"itemListElement\":[{\"@type\":\"ListItem\",\"position\":1,\"name\":\"Home\",\"item\":\"http:\\\/\\\/victor-sasportas.com\\\/\"},{\"@type\":\"ListItem\",\"position\":2,\"name\":\"Events\",\"item\":\"http:\\\/\\\/victor-sasportas.com\\\/index.php\\\/events\\\/\"},{\"@type\":\"ListItem\",\"position\":3,\"name\":\"Salon des Beaux-Arts 2016\"}]},{\"@type\":\"WebSite\",\"@id\":\"https:\\\/\\\/victor-sasportas.com\\\/#website\",\"url\":\"https:\\\/\\\/victor-sasportas.com\\\/\",\"name\":\"VICTOR SASPORTAS\",\"description\":\"Artiste Peintre Contemporain\",\"potentialAction\":[{\"@type\":\"SearchAction\",\"target\":{\"@type\":\"EntryPoint\",\"urlTemplate\":\"https:\\\/\\\/victor-sasportas.com\\\/?s={search_term_string}\"},\"query-input\":{\"@type\":\"PropertyValueSpecification\",\"valueRequired\":true,\"valueName\":\"search_term_string\"}}],\"inLanguage\":\"en-US\"}]}<\/script>\n<!-- \/ Yoast SEO plugin. -->","yoast_head_json":{"title":"Salon des Beaux-Arts 2016 - VICTOR SASPORTAS","robots":{"index":"index","follow":"follow","max-snippet":"max-snippet:-1","max-image-preview":"max-image-preview:large","max-video-preview":"max-video-preview:-1"},"canonical":"https:\/\/victor-sasportas.com\/index.php\/event\/salon-des-beaux-arts-2016\/","og_locale":"en_US","og_type":"article","og_title":"Salon des Beaux-Arts 2016 - VICTOR SASPORTAS","og_description":"Sous le haut patronage de Monsieur Fran\u00e7ois Hollande Pr\u00e9sident de la R\u00e9publique Michel King Pr\u00e9sident de la Soci\u00e9t\u00e9 Nationale des Beaux-Arts Le Bureau et le Conseil d&#8217;Administration vous prient d&#8217;honorer de votre pr\u00e9sence le Salon des Beaux-Arts Sc\u00e9nographie de Bruno Moinard du 8 au 11 D\u00e9cembre 2016 vernissage Jeudi 8 D\u00e9cembre \u00e0 18h remise des&hellip;","og_url":"https:\/\/victor-sasportas.com\/index.php\/event\/salon-des-beaux-arts-2016\/","og_site_name":"VICTOR SASPORTAS","article_modified_time":"2016-10-26T20:38:14+00:00","og_image":[{"url":"http:\/\/victor-sasportas.com\/wp-content\/uploads\/2016\/10\/Invitation-Salon-des-Beaux-Arts-2016-HB_01-300x300.png","type":"","width":"","height":""}],"twitter_card":"summary_large_image","twitter_misc":{"Est. reading time":"1 minute"},"schema":{"@context":"https:\/\/schema.org","@graph":[{"@type":"WebPage","@id":"https:\/\/victor-sasportas.com\/index.php\/event\/salon-des-beaux-arts-2016\/","url":"https:\/\/victor-sasportas.com\/index.php\/event\/salon-des-beaux-arts-2016\/","name":"Salon des Beaux-Arts 2016 - VICTOR SASPORTAS","isPartOf":{"@id":"https:\/\/victor-sasportas.com\/#website"},"primaryImageOfPage":{"@id":"https:\/\/victor-sasportas.com\/index.php\/event\/salon-des-beaux-arts-2016\/#primaryimage"},"image":{"@id":"https:\/\/victor-sasportas.com\/index.php\/event\/salon-des-beaux-arts-2016\/#primaryimage"},"thumbnailUrl":"http:\/\/victor-sasportas.com\/wp-content\/uploads\/2016\/10\/Invitation-Salon-des-Beaux-Arts-2016-HB_01-300x300.png","datePublished":"2016-10-26T20:26:58+00:00","dateModified":"2016-10-26T20:38:14+00:00","breadcrumb":{"@id":"https:\/\/victor-sasportas.com\/index.php\/event\/salon-des-beaux-arts-2016\/#breadcrumb"},"inLanguage":"en-US","potentialAction":[{"@type":"ReadAction","target":["https:\/\/victor-sasportas.com\/index.php\/event\/salon-des-beaux-arts-2016\/"]}]},{"@type":"ImageObject","inLanguage":"en-US","@id":"https:\/\/victor-sasportas.com\/index.php\/event\/salon-des-beaux-arts-2016\/#primaryimage","url":"https:\/\/victor-sasportas.com\/wp-content\/uploads\/2016\/10\/Invitation-Salon-des-Beaux-Arts-2016-HB_01.png","contentUrl":"https:\/\/victor-sasportas.com\/wp-content\/uploads\/2016\/10\/Invitation-Salon-des-Beaux-Arts-2016-HB_01.png","width":2362,"height":2362},{"@type":"BreadcrumbList","@id":"https:\/\/victor-sasportas.com\/index.php\/event\/salon-des-beaux-arts-2016\/#breadcrumb","itemListElement":[{"@type":"ListItem","position":1,"name":"Home","item":"http:\/\/victor-sasportas.com\/"},{"@type":"ListItem","position":2,"name":"Events","item":"http:\/\/victor-sasportas.com\/index.php\/events\/"},{"@type":"ListItem","position":3,"name":"Salon des Beaux-Arts 2016"}]},{"@type":"WebSite","@id":"https:\/\/victor-sasportas.com\/#website","url":"https:\/\/victor-sasportas.com\/","name":"VICTOR SASPORTAS","description":"Artiste Peintre Contemporain","potentialAction":[{"@type":"SearchAction","target":{"@type":"EntryPoint","urlTemplate":"https:\/\/victor-sasportas.com\/?s={search_term_string}"},"query-input":{"@type":"PropertyValueSpecification","valueRequired":true,"valueName":"search_term_string"}}],"inLanguage":"en-US"}]}},"_links":{"self":[{"href":"https:\/\/victor-sasportas.com\/index.php\/wp-json\/wp\/v2\/tribe_events\/383","targetHints":{"allow":["GET"]}}],"collection":[{"href":"https:\/\/victor-sasportas.com\/index.php\/wp-json\/wp\/v2\/tribe_events"}],"about":[{"href":"https:\/\/victor-sasportas.com\/index.php\/wp-json\/wp\/v2\/types\/tribe_events"}],"author":[{"embeddable":true,"href":"https:\/\/victor-sasportas.com\/index.php\/wp-json\/wp\/v2\/users\/1"}],"version-history":[{"count":3,"href":"https:\/\/victor-sasportas.com\/index.php\/wp-json\/wp\/v2\/tribe_events\/383\/revisions"}],"predecessor-version":[{"id":389,"href":"https:\/\/victor-sasportas.com\/index.php\/wp-json\/wp\/v2\/tribe_events\/383\/revisions\/389"}],"wp:attachment":[{"href":"https:\/\/victor-sasportas.com\/index.php\/wp-json\/wp\/v2\/media?parent=383"}],"wp:term":[{"taxonomy":"post_tag","embeddable":true,"href":"https:\/\/victor-sasportas.com\/index.php\/wp-json\/wp\/v2\/tags?post=383"},{"taxonomy":"tribe_events_cat","embeddable":true,"href":"https:\/\/victor-sasportas.com\/index.php\/wp-json\/wp\/v2\/tribe_events_cat?post=383"}],"curies":[{"name":"wp","href":"https:\/\/api.w.org\/{rel}","templated":true}]}}