{"id":477,"date":"2017-08-28T22:37:49","date_gmt":"2017-08-28T21:37:49","guid":{"rendered":"http:\/\/victor-sasportas.com\/?post_type=tribe_events&#038;p=477"},"modified":"2017-11-18T22:33:12","modified_gmt":"2017-11-18T21:33:12","slug":"salon-de-la-societe-nationale-des-beaux-arts-2017","status":"publish","type":"tribe_events","link":"https:\/\/victor-sasportas.com\/index.php\/event\/salon-de-la-societe-nationale-des-beaux-arts-2017\/","title":{"rendered":"Salon de la Soci\u00e9t\u00e9 Nationale des Beaux Arts 2017"},"content":{"rendered":"<p>La Soci\u00e9t\u00e9 Nationale des Beaux Arts pavoise au port du Carrousel du Louvre. C\u2019est un navire de libre navigation. A la passerelle, son \u00e9quipage b\u00e9n\u00e9vole vous invite \u00e0 monter \u00e0 bord pour que vous participiez \u00e0 nos belles escales esp\u00e9r\u00e9es.<\/p>\n<p>En 2011, la Soci\u00e9t\u00e9 Nationale des Beaux Arts a f\u00eat\u00e9 ses 150 ans, des noces glorieuses et heureuses avec les artistes. Une fid\u00e8le union dans l\u2019int\u00e9grit\u00e9 de la cr\u00e9ation. Les anciens libres et talentueux ont assur\u00e9 la solidit\u00e9 de ses fondations.<\/p>\n<p>Aujourd\u2019hui, tout en admirant nos illustres devanciers, nous nous effor\u00e7ons d\u2019en \u00eatre dignes, sans soumission \u00e0 leurs principes en nous souvenant de leur esprit d\u2019ind\u00e9pendance. Les phares balaient l\u2019horizon mais ne tracent pas la route. Tout voyage est nouveau pour des regards vierges, vigilants, vivants. Chaque navigation est \u00e0 r\u00e9inventer. Les moyens diff\u00e8rent, les buts demeurent. Si notre environnement se transforme, nos \u00e9motions sont p\u00e9rennes.<\/p>\n<p>Le Salon des Beaux Arts accueille peintres, sculpteurs, graveurs, photographes et illustrateurs, v\u00e9t\u00e9rans ou jeunes, l\u2019\u00e2ge ne fait rien \u00e0 l\u2019affaire, qui expriment toutes les facettes de la vie, joyeuses ou tragiques, sans complaisances \u00e0 la mode, \u00e0 la routine ou au march\u00e9 sp\u00e9culatif. Faites partie des 15 000 visiteurs annuels de notre Salon !<\/p>\n<p>La prochaine \u00e9dition du Salon des Beaux Arts se tiendra du 7 au 10 d\u00e9cembre 2017 dans les Salles du Carrousel du Louvre, Paris.<\/p>\n<p><strong>Vernissage le Jeudi 7 D\u00e9cembre 2017 \u00e0 18h.<\/strong><\/p>\n<p>&nbsp;<\/p>\n<p>&nbsp;<\/p>\n<p><img loading=\"lazy\" decoding=\"async\" class=\"alignleft size-large wp-image-478\" src=\"http:\/\/victor-sasportas.com\/wp-content\/uploads\/2017\/08\/carrousel-du-louvre-1024x768.jpg\" alt=\"\" width=\"824\" height=\"618\" srcset=\"https:\/\/victor-sasportas.com\/wp-content\/uploads\/2017\/08\/carrousel-du-louvre-1024x768.jpg 1024w, https:\/\/victor-sasportas.com\/wp-content\/uploads\/2017\/08\/carrousel-du-louvre-300x225.jpg 300w, https:\/\/victor-sasportas.com\/wp-content\/uploads\/2017\/08\/carrousel-du-louvre-768x576.jpg 768w\" sizes=\"auto, (max-width: 824px) 100vw, 824px\" \/><\/p>\n<p>&nbsp;<\/p>\n<p>&nbsp;<\/p>\n<p>&nbsp;<\/p>\n<p>&nbsp;<\/p>\n<p>&nbsp;<\/p>\n<p>&nbsp;<\/p>\n<p>&nbsp;<\/p>\n<p>&nbsp;<\/p>\n<p>&nbsp;<\/p>\n<p>&nbsp;<\/p>\n<p>&nbsp;<\/p>\n<p>&nbsp;<\/p>\n<p>&nbsp;<\/p>\n<p>&nbsp;<\/p>\n<p>&nbsp;<\/p>\n<p>&nbsp;<\/p>\n<p><img loading=\"lazy\" decoding=\"async\" class=\"alignleft size-large wp-image-515\" src=\"http:\/\/victor-sasportas.com\/wp-content\/uploads\/2017\/08\/1-1024x1024.png\" alt=\"\" width=\"824\" height=\"824\" srcset=\"https:\/\/victor-sasportas.com\/wp-content\/uploads\/2017\/08\/1-1024x1024.png 1024w, https:\/\/victor-sasportas.com\/wp-content\/uploads\/2017\/08\/1-150x150.png 150w, https:\/\/victor-sasportas.com\/wp-content\/uploads\/2017\/08\/1-300x300.png 300w, https:\/\/victor-sasportas.com\/wp-content\/uploads\/2017\/08\/1-768x768.png 768w, https:\/\/victor-sasportas.com\/wp-content\/uploads\/2017\/08\/1.png 1600w\" sizes=\"auto, (max-width: 824px) 100vw, 824px\" \/> <img loading=\"lazy\" decoding=\"async\" class=\"alignleft size-large wp-image-516\" src=\"http:\/\/victor-sasportas.com\/wp-content\/uploads\/2017\/08\/2-1024x957.png\" alt=\"\" width=\"824\" height=\"770\" srcset=\"https:\/\/victor-sasportas.com\/wp-content\/uploads\/2017\/08\/2-1024x957.png 1024w, https:\/\/victor-sasportas.com\/wp-content\/uploads\/2017\/08\/2-300x280.png 300w, https:\/\/victor-sasportas.com\/wp-content\/uploads\/2017\/08\/2-768x718.png 768w\" sizes=\"auto, (max-width: 824px) 100vw, 824px\" \/> <img loading=\"lazy\" decoding=\"async\" class=\"alignleft size-large wp-image-517\" src=\"http:\/\/victor-sasportas.com\/wp-content\/uploads\/2017\/08\/3-1024x943.jpg\" alt=\"\" width=\"824\" height=\"759\" srcset=\"https:\/\/victor-sasportas.com\/wp-content\/uploads\/2017\/08\/3-1024x943.jpg 1024w, https:\/\/victor-sasportas.com\/wp-content\/uploads\/2017\/08\/3-300x276.jpg 300w, https:\/\/victor-sasportas.com\/wp-content\/uploads\/2017\/08\/3-768x707.jpg 768w, https:\/\/victor-sasportas.com\/wp-content\/uploads\/2017\/08\/3.jpg 1393w\" sizes=\"auto, (max-width: 824px) 100vw, 824px\" \/><\/p>\n","protected":false},"excerpt":{"rendered":"<p>La Soci\u00e9t\u00e9 Nationale des Beaux Arts pavoise au port du Carrousel du Louvre. C\u2019est un navire de libre navigation. A la passerelle, son \u00e9quipage b\u00e9n\u00e9vole vous invite \u00e0 monter \u00e0 bord pour que vous participiez \u00e0 nos belles escales esp\u00e9r\u00e9es. En 2011, la Soci\u00e9t\u00e9 Nationale des Beaux Arts a f\u00eat\u00e9 ses 150 ans, des noces&hellip;<\/p>\n","protected":false},"author":1,"featured_media":0,"template":"","meta":{"_exactmetrics_skip_tracking":false,"_exactmetrics_sitenote_active":false,"_exactmetrics_sitenote_note":"","_exactmetrics_sitenote_category":0,"_tribe_events_status":"","_tribe_events_status_reason":"","footnotes":""},"tags":[],"tribe_events_cat":[],"class_list":["post-477","tribe_events","type-tribe_events","status-publish","hentry"],"yoast_head":"<!-- This site is optimized with the Yoast SEO plugin v27.5 - https:\/\/yoast.com\/product\/yoast-seo-wordpress\/ -->\n<title>Salon de la Soci\u00e9t\u00e9 Nationale des Beaux Arts 2017 - VICTOR SASPORTAS<\/title>\n<meta name=\"robots\" content=\"index, follow, max-snippet:-1, max-image-preview:large, max-video-preview:-1\" \/>\n<link rel=\"canonical\" href=\"https:\/\/victor-sasportas.com\/index.php\/event\/salon-de-la-societe-nationale-des-beaux-arts-2017\/\" \/>\n<meta property=\"og:locale\" content=\"en_US\" \/>\n<meta property=\"og:type\" content=\"article\" \/>\n<meta property=\"og:title\" content=\"Salon de la Soci\u00e9t\u00e9 Nationale des Beaux Arts 2017 - VICTOR SASPORTAS\" \/>\n<meta property=\"og:description\" content=\"La Soci\u00e9t\u00e9 Nationale des Beaux Arts pavoise au port du Carrousel du Louvre. C\u2019est un navire de libre navigation. A la passerelle, son \u00e9quipage b\u00e9n\u00e9vole vous invite \u00e0 monter \u00e0 bord pour que vous participiez \u00e0 nos belles escales esp\u00e9r\u00e9es. En 2011, la Soci\u00e9t\u00e9 Nationale des Beaux Arts a f\u00eat\u00e9 ses 150 ans, des noces&hellip;\" \/>\n<meta property=\"og:url\" content=\"https:\/\/victor-sasportas.com\/index.php\/event\/salon-de-la-societe-nationale-des-beaux-arts-2017\/\" \/>\n<meta property=\"og:site_name\" content=\"VICTOR SASPORTAS\" \/>\n<meta property=\"article:modified_time\" content=\"2017-11-18T21:33:12+00:00\" \/>\n<meta property=\"og:image\" content=\"http:\/\/victor-sasportas.com\/wp-content\/uploads\/2017\/08\/carrousel-du-louvre-1024x768.jpg\" \/>\n<meta name=\"twitter:card\" content=\"summary_large_image\" \/>\n<meta name=\"twitter:label1\" content=\"Est. reading time\" \/>\n\t<meta name=\"twitter:data1\" content=\"1 minute\" \/>\n<script type=\"application\/ld+json\" class=\"yoast-schema-graph\">{\"@context\":\"https:\\\/\\\/schema.org\",\"@graph\":[{\"@type\":\"WebPage\",\"@id\":\"https:\\\/\\\/victor-sasportas.com\\\/index.php\\\/event\\\/salon-de-la-societe-nationale-des-beaux-arts-2017\\\/\",\"url\":\"https:\\\/\\\/victor-sasportas.com\\\/index.php\\\/event\\\/salon-de-la-societe-nationale-des-beaux-arts-2017\\\/\",\"name\":\"Salon de la Soci\u00e9t\u00e9 Nationale des Beaux Arts 2017 - VICTOR SASPORTAS\",\"isPartOf\":{\"@id\":\"http:\\\/\\\/victor-sasportas.com\\\/#website\"},\"primaryImageOfPage\":{\"@id\":\"https:\\\/\\\/victor-sasportas.com\\\/index.php\\\/event\\\/salon-de-la-societe-nationale-des-beaux-arts-2017\\\/#primaryimage\"},\"image\":{\"@id\":\"https:\\\/\\\/victor-sasportas.com\\\/index.php\\\/event\\\/salon-de-la-societe-nationale-des-beaux-arts-2017\\\/#primaryimage\"},\"thumbnailUrl\":\"http:\\\/\\\/victor-sasportas.com\\\/wp-content\\\/uploads\\\/2017\\\/08\\\/carrousel-du-louvre-1024x768.jpg\",\"datePublished\":\"2017-08-28T21:37:49+00:00\",\"dateModified\":\"2017-11-18T21:33:12+00:00\",\"breadcrumb\":{\"@id\":\"https:\\\/\\\/victor-sasportas.com\\\/index.php\\\/event\\\/salon-de-la-societe-nationale-des-beaux-arts-2017\\\/#breadcrumb\"},\"inLanguage\":\"en-US\",\"potentialAction\":[{\"@type\":\"ReadAction\",\"target\":[\"https:\\\/\\\/victor-sasportas.com\\\/index.php\\\/event\\\/salon-de-la-societe-nationale-des-beaux-arts-2017\\\/\"]}]},{\"@type\":\"ImageObject\",\"inLanguage\":\"en-US\",\"@id\":\"https:\\\/\\\/victor-sasportas.com\\\/index.php\\\/event\\\/salon-de-la-societe-nationale-des-beaux-arts-2017\\\/#primaryimage\",\"url\":\"https:\\\/\\\/victor-sasportas.com\\\/wp-content\\\/uploads\\\/2017\\\/08\\\/carrousel-du-louvre.jpg\",\"contentUrl\":\"https:\\\/\\\/victor-sasportas.com\\\/wp-content\\\/uploads\\\/2017\\\/08\\\/carrousel-du-louvre.jpg\",\"width\":3264,\"height\":2448},{\"@type\":\"BreadcrumbList\",\"@id\":\"https:\\\/\\\/victor-sasportas.com\\\/index.php\\\/event\\\/salon-de-la-societe-nationale-des-beaux-arts-2017\\\/#breadcrumb\",\"itemListElement\":[{\"@type\":\"ListItem\",\"position\":1,\"name\":\"Home\",\"item\":\"http:\\\/\\\/victor-sasportas.com\\\/\"},{\"@type\":\"ListItem\",\"position\":2,\"name\":\"Events\",\"item\":\"https:\\\/\\\/victor-sasportas.com\\\/index.php\\\/events\\\/\"},{\"@type\":\"ListItem\",\"position\":3,\"name\":\"Salon de la Soci\u00e9t\u00e9 Nationale des Beaux Arts 2017\"}]},{\"@type\":\"WebSite\",\"@id\":\"http:\\\/\\\/victor-sasportas.com\\\/#website\",\"url\":\"http:\\\/\\\/victor-sasportas.com\\\/\",\"name\":\"VICTOR SASPORTAS\",\"description\":\"Artiste Peintre Contemporain\",\"potentialAction\":[{\"@type\":\"SearchAction\",\"target\":{\"@type\":\"EntryPoint\",\"urlTemplate\":\"http:\\\/\\\/victor-sasportas.com\\\/?s={search_term_string}\"},\"query-input\":{\"@type\":\"PropertyValueSpecification\",\"valueRequired\":true,\"valueName\":\"search_term_string\"}}],\"inLanguage\":\"en-US\"}]}<\/script>\n<!-- \/ Yoast SEO plugin. -->","yoast_head_json":{"title":"Salon de la Soci\u00e9t\u00e9 Nationale des Beaux Arts 2017 - VICTOR SASPORTAS","robots":{"index":"index","follow":"follow","max-snippet":"max-snippet:-1","max-image-preview":"max-image-preview:large","max-video-preview":"max-video-preview:-1"},"canonical":"https:\/\/victor-sasportas.com\/index.php\/event\/salon-de-la-societe-nationale-des-beaux-arts-2017\/","og_locale":"en_US","og_type":"article","og_title":"Salon de la Soci\u00e9t\u00e9 Nationale des Beaux Arts 2017 - VICTOR SASPORTAS","og_description":"La Soci\u00e9t\u00e9 Nationale des Beaux Arts pavoise au port du Carrousel du Louvre. C\u2019est un navire de libre navigation. A la passerelle, son \u00e9quipage b\u00e9n\u00e9vole vous invite \u00e0 monter \u00e0 bord pour que vous participiez \u00e0 nos belles escales esp\u00e9r\u00e9es. En 2011, la Soci\u00e9t\u00e9 Nationale des Beaux Arts a f\u00eat\u00e9 ses 150 ans, des noces&hellip;","og_url":"https:\/\/victor-sasportas.com\/index.php\/event\/salon-de-la-societe-nationale-des-beaux-arts-2017\/","og_site_name":"VICTOR SASPORTAS","article_modified_time":"2017-11-18T21:33:12+00:00","og_image":[{"url":"http:\/\/victor-sasportas.com\/wp-content\/uploads\/2017\/08\/carrousel-du-louvre-1024x768.jpg","type":"","width":"","height":""}],"twitter_card":"summary_large_image","twitter_misc":{"Est. reading time":"1 minute"},"schema":{"@context":"https:\/\/schema.org","@graph":[{"@type":"WebPage","@id":"https:\/\/victor-sasportas.com\/index.php\/event\/salon-de-la-societe-nationale-des-beaux-arts-2017\/","url":"https:\/\/victor-sasportas.com\/index.php\/event\/salon-de-la-societe-nationale-des-beaux-arts-2017\/","name":"Salon de la Soci\u00e9t\u00e9 Nationale des Beaux Arts 2017 - VICTOR SASPORTAS","isPartOf":{"@id":"http:\/\/victor-sasportas.com\/#website"},"primaryImageOfPage":{"@id":"https:\/\/victor-sasportas.com\/index.php\/event\/salon-de-la-societe-nationale-des-beaux-arts-2017\/#primaryimage"},"image":{"@id":"https:\/\/victor-sasportas.com\/index.php\/event\/salon-de-la-societe-nationale-des-beaux-arts-2017\/#primaryimage"},"thumbnailUrl":"http:\/\/victor-sasportas.com\/wp-content\/uploads\/2017\/08\/carrousel-du-louvre-1024x768.jpg","datePublished":"2017-08-28T21:37:49+00:00","dateModified":"2017-11-18T21:33:12+00:00","breadcrumb":{"@id":"https:\/\/victor-sasportas.com\/index.php\/event\/salon-de-la-societe-nationale-des-beaux-arts-2017\/#breadcrumb"},"inLanguage":"en-US","potentialAction":[{"@type":"ReadAction","target":["https:\/\/victor-sasportas.com\/index.php\/event\/salon-de-la-societe-nationale-des-beaux-arts-2017\/"]}]},{"@type":"ImageObject","inLanguage":"en-US","@id":"https:\/\/victor-sasportas.com\/index.php\/event\/salon-de-la-societe-nationale-des-beaux-arts-2017\/#primaryimage","url":"https:\/\/victor-sasportas.com\/wp-content\/uploads\/2017\/08\/carrousel-du-louvre.jpg","contentUrl":"https:\/\/victor-sasportas.com\/wp-content\/uploads\/2017\/08\/carrousel-du-louvre.jpg","width":3264,"height":2448},{"@type":"BreadcrumbList","@id":"https:\/\/victor-sasportas.com\/index.php\/event\/salon-de-la-societe-nationale-des-beaux-arts-2017\/#breadcrumb","itemListElement":[{"@type":"ListItem","position":1,"name":"Home","item":"http:\/\/victor-sasportas.com\/"},{"@type":"ListItem","position":2,"name":"Events","item":"https:\/\/victor-sasportas.com\/index.php\/events\/"},{"@type":"ListItem","position":3,"name":"Salon de la Soci\u00e9t\u00e9 Nationale des Beaux Arts 2017"}]},{"@type":"WebSite","@id":"http:\/\/victor-sasportas.com\/#website","url":"http:\/\/victor-sasportas.com\/","name":"VICTOR SASPORTAS","description":"Artiste Peintre Contemporain","potentialAction":[{"@type":"SearchAction","target":{"@type":"EntryPoint","urlTemplate":"http:\/\/victor-sasportas.com\/?s={search_term_string}"},"query-input":{"@type":"PropertyValueSpecification","valueRequired":true,"valueName":"search_term_string"}}],"inLanguage":"en-US"}]}},"_links":{"self":[{"href":"https:\/\/victor-sasportas.com\/index.php\/wp-json\/wp\/v2\/tribe_events\/477","targetHints":{"allow":["GET"]}}],"collection":[{"href":"https:\/\/victor-sasportas.com\/index.php\/wp-json\/wp\/v2\/tribe_events"}],"about":[{"href":"https:\/\/victor-sasportas.com\/index.php\/wp-json\/wp\/v2\/types\/tribe_events"}],"author":[{"embeddable":true,"href":"https:\/\/victor-sasportas.com\/index.php\/wp-json\/wp\/v2\/users\/1"}],"version-history":[{"count":2,"href":"https:\/\/victor-sasportas.com\/index.php\/wp-json\/wp\/v2\/tribe_events\/477\/revisions"}],"predecessor-version":[{"id":518,"href":"https:\/\/victor-sasportas.com\/index.php\/wp-json\/wp\/v2\/tribe_events\/477\/revisions\/518"}],"wp:attachment":[{"href":"https:\/\/victor-sasportas.com\/index.php\/wp-json\/wp\/v2\/media?parent=477"}],"wp:term":[{"taxonomy":"post_tag","embeddable":true,"href":"https:\/\/victor-sasportas.com\/index.php\/wp-json\/wp\/v2\/tags?post=477"},{"taxonomy":"tribe_events_cat","embeddable":true,"href":"https:\/\/victor-sasportas.com\/index.php\/wp-json\/wp\/v2\/tribe_events_cat?post=477"}],"curies":[{"name":"wp","href":"https:\/\/api.w.org\/{rel}","templated":true}]}}